{"id":1510,"date":"2024-05-30T09:32:34","date_gmt":"2024-05-30T07:32:34","guid":{"rendered":"https:\/\/www.camping-lebontemps.fr\/tourisme-camping-isere\/"},"modified":"2024-08-16T16:20:06","modified_gmt":"2024-08-16T14:20:06","slug":"tourisme-camping-isere","status":"publish","type":"page","link":"https:\/\/www.camping-lebontemps.fr\/en\/tourisme-camping-isere\/","title":{"rendered":"Nearby"},"content":{"rendered":"\n<div class=\"is-layout-flow wp-block-group alignfull diaporama-header T-05\"><div class=\"fc-galerie fc-auto \"  style=\"\"  ><figure class=\"fc-galerie__item fc-auto f-carousel__slide \" style=\"\"><picture><source srcset=\"https:\/\/www.camping-lebontemps.fr\/wp-content\/uploads\/2024\/07\/alentours-AdobeStock_209699134-210x210.jpg\" media=\"(max-width: 211px)\"><source srcset=\"https:\/\/www.camping-lebontemps.fr\/wp-content\/uploads\/2024\/07\/alentours-AdobeStock_209699134-415x580.jpg\" media=\"(max-width: 416px)\"><source srcset=\"https:\/\/www.camping-lebontemps.fr\/wp-content\/uploads\/2024\/07\/alentours-AdobeStock_209699134-420x280.jpg\" media=\"(max-width: 421px)\"><source srcset=\"https:\/\/www.camping-lebontemps.fr\/wp-content\/uploads\/2024\/07\/alentours-AdobeStock_209699134-1024x683.jpg\" media=\"(max-width: 1025px)\"><source srcset=\"https:\/\/www.camping-lebontemps.fr\/wp-content\/uploads\/2024\/07\/alentours-AdobeStock_209699134.jpg\" media=\"(min-width: 1026px)\"><img decoding=\"async\" loading=\"lazy\" width=\"415\" height=\"210\" src=\"https:\/\/www.camping-lebontemps.fr\/wp-content\/uploads\/2024\/07\/alentours-AdobeStock_209699134-210x210.jpg\" alt=\"camping rhone alpes\" title=\"\"><\/picture><figcaption>\n<\/figcaption><\/figure><\/div>\n\n\n<div class=\"is-layout-constrained wp-block-group\"><\/div>\n\n\n<figure class=\"deco--ligne-v fc-auto \" style=\"\"  ><picture><source srcset=\"https:\/\/www.camping-lebontemps.fr\/wp-content\/uploads\/2024\/06\/ligne-v.svg\" media=\"(max-width: 211px)\"><source srcset=\"https:\/\/www.camping-lebontemps.fr\/wp-content\/uploads\/2024\/06\/ligne-v.svg\" media=\"(max-width: 421px)\"><source srcset=\"https:\/\/www.camping-lebontemps.fr\/wp-content\/uploads\/2024\/06\/ligne-v.svg\" media=\"(max-width: 1025px)\"><source srcset=\"https:\/\/www.camping-lebontemps.fr\/wp-content\/uploads\/2024\/06\/ligne-v.svg\" media=\"(min-width: 1026px)\"><img decoding=\"async\" loading=\"lazy\" width=\"420\" height=\"210\" src=\"https:\/\/www.camping-lebontemps.fr\/wp-content\/uploads\/2024\/06\/ligne-v.svg\" alt=\"camping Ciela Village\" title=\"\"><\/picture><\/figure>\n\n<figure class=\"deco--vague-header fc-auto \" style=\"\"  ><picture><source srcset=\"https:\/\/www.camping-lebontemps.fr\/wp-content\/uploads\/2024\/06\/vague-b2.svg\" media=\"(max-width: 211px)\"><source srcset=\"https:\/\/www.camping-lebontemps.fr\/wp-content\/uploads\/2024\/06\/vague-b2.svg\" media=\"(max-width: 421px)\"><source srcset=\"https:\/\/www.camping-lebontemps.fr\/wp-content\/uploads\/2024\/06\/vague-b2.svg\" media=\"(max-width: 1025px)\"><source srcset=\"https:\/\/www.camping-lebontemps.fr\/wp-content\/uploads\/2024\/06\/vague-b2.svg\" media=\"(min-width: 1026px)\"><img decoding=\"async\" loading=\"lazy\" width=\"420\" height=\"210\" src=\"https:\/\/www.camping-lebontemps.fr\/wp-content\/uploads\/2024\/06\/vague-b2.svg\" alt=\"camping Ciela Village\" title=\"\"><\/picture><\/figure><\/div>\n\n\n\n<section class=\"is-layout-flow wp-block-group position\"><figure class=\"deco--lignes2 fc-auto \" style=\"\"  ><picture><source srcset=\"https:\/\/www.camping-lebontemps.fr\/wp-content\/uploads\/2024\/05\/lignes.svg\" media=\"(max-width: 211px)\"><source srcset=\"https:\/\/www.camping-lebontemps.fr\/wp-content\/uploads\/2024\/05\/lignes.svg\" media=\"(max-width: 421px)\"><source srcset=\"https:\/\/www.camping-lebontemps.fr\/wp-content\/uploads\/2024\/05\/lignes.svg\" media=\"(max-width: 1025px)\"><source srcset=\"https:\/\/www.camping-lebontemps.fr\/wp-content\/uploads\/2024\/05\/lignes.svg\" media=\"(min-width: 1026px)\"><img decoding=\"async\" loading=\"lazy\" width=\"420\" height=\"210\" src=\"https:\/\/www.camping-lebontemps.fr\/wp-content\/uploads\/2024\/05\/lignes.svg\" alt=\"camping Ciela Village\" title=\"\"><\/picture><\/figure>\n\n\n<div class=\"is-layout-flex wp-container-9 wp-block-columns are-vertically-aligned-center\">\n<div class=\"is-layout-flow wp-block-column is-vertically-aligned-center\">\n<h1 id=\"vos-vacances-en-camping-en-nouvelle-aquitaine\">Discover the Auvergne-Rh\u00f4ne-Alpes region from our 4-star campsite Le Bontemps<\/h1>\n\n\n\n<p>Located <strong>in Vernioz, Is\u00e8re<\/strong>, in the heart of the splendid <strong>Rh\u00f4ne-Alpes region<\/strong>, the Ciela Village Le Bontemps campsite is a choice destination for <strong>nature <\/strong>lovers and adventure-seeking <strong>families<\/strong>.<\/p>\n\n\n\n<p>Just 30 minutes from the fascinating <strong>Peaugres Safari<\/strong>, this campsite offers the ideal setting for a memorable vacation. With its breathtaking scenery, it promises relaxation and entertainment for all, while allowing you to discover the <strong>natural and cultural treasures<\/strong> of this beautiful French region.<\/p>\n<\/div>\n\n\n\n<div class=\"is-layout-flow wp-block-column is-vertically-aligned-center\"><div class=\"fc-galerie fc-auto col-1 f-carousel fc-diapo \"  style=\"\"  data-fancybox=\"gallery\"><figure class=\"fc-galerie__item fc-auto f-carousel__slide \" style=\"\"><picture><source srcset=\"https:\/\/www.camping-lebontemps.fr\/wp-content\/uploads\/2024\/06\/batch_AdobeStock_267068952-210x210.jpg\" media=\"(max-width: 211px)\"><source srcset=\"https:\/\/www.camping-lebontemps.fr\/wp-content\/uploads\/2024\/06\/batch_AdobeStock_267068952-420x278.jpg\" media=\"(max-width: 421px)\"><source srcset=\"https:\/\/www.camping-lebontemps.fr\/wp-content\/uploads\/2024\/06\/batch_AdobeStock_267068952.jpg\" media=\"(max-width: 1025px)\"><source srcset=\"https:\/\/www.camping-lebontemps.fr\/wp-content\/uploads\/2024\/06\/batch_AdobeStock_267068952.jpg\" media=\"(min-width: 1026px)\"><img decoding=\"async\" loading=\"lazy\" width=\"415\" height=\"210\" src=\"https:\/\/www.camping-lebontemps.fr\/wp-content\/uploads\/2024\/06\/batch_AdobeStock_267068952-210x210.jpg\" alt=\"lac camping condrieu\" title=\"\"><\/picture><figcaption>\n<\/figcaption><\/figure><figure class=\"fc-galerie__item fc-auto f-carousel__slide \" style=\"\"><picture><source srcset=\"https:\/\/www.camping-lebontemps.fr\/wp-content\/uploads\/2024\/06\/batch_AdobeStock_644201570-210x210.jpg\" media=\"(max-width: 211px)\"><source srcset=\"https:\/\/www.camping-lebontemps.fr\/wp-content\/uploads\/2024\/06\/batch_AdobeStock_644201570-420x280.jpg\" media=\"(max-width: 421px)\"><source srcset=\"https:\/\/www.camping-lebontemps.fr\/wp-content\/uploads\/2024\/06\/batch_AdobeStock_644201570.jpg\" media=\"(max-width: 1025px)\"><source srcset=\"https:\/\/www.camping-lebontemps.fr\/wp-content\/uploads\/2024\/06\/batch_AdobeStock_644201570.jpg\" media=\"(min-width: 1026px)\"><img decoding=\"async\" loading=\"lazy\" width=\"415\" height=\"210\" src=\"https:\/\/www.camping-lebontemps.fr\/wp-content\/uploads\/2024\/06\/batch_AdobeStock_644201570-210x210.jpg\" alt=\"lac rivi\u00e8re camping isere\" title=\"\"><\/picture><\/figure><figure class=\"fc-galerie__item fc-auto f-carousel__slide \" style=\"\"><picture><source srcset=\"https:\/\/www.camping-lebontemps.fr\/wp-content\/uploads\/2024\/06\/AdobeStock_13116797-210x210.webp\" media=\"(max-width: 211px)\"><source srcset=\"https:\/\/www.camping-lebontemps.fr\/wp-content\/uploads\/2024\/06\/AdobeStock_13116797-420x280.webp\" media=\"(max-width: 421px)\"><source srcset=\"https:\/\/www.camping-lebontemps.fr\/wp-content\/uploads\/2024\/06\/AdobeStock_13116797.webp\" media=\"(max-width: 1025px)\"><source srcset=\"https:\/\/www.camping-lebontemps.fr\/wp-content\/uploads\/2024\/06\/AdobeStock_13116797.webp\" media=\"(min-width: 1026px)\"><img decoding=\"async\" loading=\"lazy\" width=\"415\" height=\"210\" src=\"https:\/\/www.camping-lebontemps.fr\/wp-content\/uploads\/2024\/06\/AdobeStock_13116797-210x210.webp\" alt=\"randonn\u00e9e is\u00e8re\" title=\"\"><\/picture><\/figure><\/div><\/div>\n<\/div>\n<\/section>\n\n\n\n<section class=\"is-layout-flow wp-block-group\">\n<h2 class=\"has-text-align-center has-vert-color has-text-color\" id=\"que-faire-autour-du-camping-eurosol-dans-les-landes\">Discover the region during your stay in Is\u00e8re<\/h2>\n\n\n\r\n<section id=\"fc-alentours\" class=\"wp-block-columns\">\r\n\r\n  <div id=\"listing-alentours\" class=\"wp-block-column\">\r\n    \r\n    <div class=\"filtres\">\r\n      <div>\r\n        <input id=\"all\" name=\"filter\" type=\"radio\" class=\"all-input\" checked=\"checked\" \/>\r\n        <label for=\"all\" class=\"all-label\">All locations<\/label>\r\n      <\/div>\r\n      <div><input id=\"activities\" name=\"filter\" type=\"radio\" \/><label for=\"activities\">Activities<\/label><\/div><div><input id=\"villages-en\" name=\"filter\" type=\"radio\" \/><label for=\"villages-en\">Villages<\/label><\/div><div><input id=\"visits\" name=\"filter\" type=\"radio\" \/><label for=\"visits\">Visits<\/label><\/div>      <input type='hidden' id='current_page'\/>\r\n      <input type='hidden' id='show_per_page'\/>\r\n    <\/div>\r\n\r\n    <div id=\"listing\">\r\n              <article class=\"lieu-alentour currentCat visuel\" data-cat=\"camping\" data-slug=\"camping\" data-couleur='#1b484d' data-icone='map-marker-alt' data-latitude=\"45.4252838\" data-longitude=\"4.9285549\">\r\n          <div class=\"texte-lieu\">\r\n            <p class=\"titre-lieu\">Le Bontemps Campsite<\/p>\r\n          <\/div>\r\n          <img width=\"1024\" height=\"575\" src=\"https:\/\/www.camping-lebontemps.fr\/wp-content\/uploads\/2024\/06\/vue-aerienne-04-camping-familial-isere-nature-parc-aquatique.jpg\" class=\"attachment-large size-large\" alt=\"camping pr\u00e8s de Lyon\" decoding=\"async\" loading=\"lazy\" srcset=\"https:\/\/www.camping-lebontemps.fr\/wp-content\/uploads\/2024\/06\/vue-aerienne-04-camping-familial-isere-nature-parc-aquatique.jpg 1024w, https:\/\/www.camping-lebontemps.fr\/wp-content\/uploads\/2024\/06\/vue-aerienne-04-camping-familial-isere-nature-parc-aquatique-420x236.jpg 420w, https:\/\/www.camping-lebontemps.fr\/wp-content\/uploads\/2024\/06\/vue-aerienne-04-camping-familial-isere-nature-parc-aquatique-768x431.jpg 768w\" sizes=\"(max-width: 1024px) 100vw, 1024px\" title=\"\">        <\/article>\r\n                <article class=\"lieu-alentour currentCat visuel\" data-cat=\"visits\" data-slug=\"parc-naturel-regional-du-pilat\" data-icone=\"\" data-couleur=\"\" data-latitude=\"45.4187951\" data-longitude=\"4.6691102\">\r\n          <div class=\"texte-lieu\">\r\n            <p class=\"categorie-lieu\">\r\n              <svg xmlns=\"http:\/\/www.w3.org\/2000\/svg\" viewBox=\"0 0 384 512\" style=\"width: 0.65rem; margin-right: .25rem; fill: white;\"><path d=\"M32 32C32 14.3 46.3 0 64 0H320c17.7 0 32 14.3 32 32s-14.3 32-32 32H290.5l11.4 148.2c36.7 19.9 65.7 53.2 79.5 94.7l1 3c3.3 9.8 1.6 20.5-4.4 28.8s-15.7 13.3-26 13.3H32c-10.3 0-19.9-4.9-26-13.3s-7.7-19.1-4.4-28.8l1-3c13.8-41.5 42.8-74.8 79.5-94.7L93.5 64H64C46.3 64 32 49.7 32 32zM160 384h64v96c0 17.7-14.3 32-32 32s-32-14.3-32-32V384z\"\/><\/svg> Visits            <\/p>\r\n            <p class=\"titre-lieu\">Pilat Regional Nature Park<\/p>\r\n            <p class=\"ville-lieu\">P\u00e9lussin<\/p>\r\n          <\/div>\r\n          <img width=\"1024\" height=\"678\" src=\"https:\/\/www.camping-lebontemps.fr\/wp-content\/uploads\/2024\/06\/batch_AdobeStock_267068952.jpg\" class=\"attachment-large size-large\" alt=\"lac camping condrieu\" decoding=\"async\" loading=\"lazy\" srcset=\"https:\/\/www.camping-lebontemps.fr\/wp-content\/uploads\/2024\/06\/batch_AdobeStock_267068952.jpg 1024w, https:\/\/www.camping-lebontemps.fr\/wp-content\/uploads\/2024\/06\/batch_AdobeStock_267068952-420x278.jpg 420w, https:\/\/www.camping-lebontemps.fr\/wp-content\/uploads\/2024\/06\/batch_AdobeStock_267068952-768x509.jpg 768w\" sizes=\"(max-width: 1024px) 100vw, 1024px\" title=\"\">        <\/article>\r\n              <article class=\"lieu-alentour currentCat visuel\" data-cat=\"villages-en\" data-slug=\"vienne\" data-icone=\"\" data-couleur=\"\" data-latitude=\"45.525587\" data-longitude=\"4.874339\">\r\n          <div class=\"texte-lieu\">\r\n            <p class=\"categorie-lieu\">\r\n              <svg xmlns=\"http:\/\/www.w3.org\/2000\/svg\" viewBox=\"0 0 384 512\" style=\"width: 0.65rem; margin-right: .25rem; fill: white;\"><path d=\"M32 32C32 14.3 46.3 0 64 0H320c17.7 0 32 14.3 32 32s-14.3 32-32 32H290.5l11.4 148.2c36.7 19.9 65.7 53.2 79.5 94.7l1 3c3.3 9.8 1.6 20.5-4.4 28.8s-15.7 13.3-26 13.3H32c-10.3 0-19.9-4.9-26-13.3s-7.7-19.1-4.4-28.8l1-3c13.8-41.5 42.8-74.8 79.5-94.7L93.5 64H64C46.3 64 32 49.7 32 32zM160 384h64v96c0 17.7-14.3 32-32 32s-32-14.3-32-32V384z\"\/><\/svg> Villages            <\/p>\r\n            <p class=\"titre-lieu\">Vienna<\/p>\r\n            <p class=\"ville-lieu\">Vienne<\/p>\r\n          <\/div>\r\n          <img width=\"1024\" height=\"678\" src=\"https:\/\/www.camping-lebontemps.fr\/wp-content\/uploads\/2024\/10\/AdobeStock_229390395-1-1024x678.jpeg\" class=\"attachment-large size-large\" alt=\"camping Vienne\" decoding=\"async\" loading=\"lazy\" srcset=\"https:\/\/www.camping-lebontemps.fr\/wp-content\/uploads\/2024\/10\/AdobeStock_229390395-1-1024x678.jpeg 1024w, https:\/\/www.camping-lebontemps.fr\/wp-content\/uploads\/2024\/10\/AdobeStock_229390395-1-420x278.jpeg 420w, https:\/\/www.camping-lebontemps.fr\/wp-content\/uploads\/2024\/10\/AdobeStock_229390395-1-768x509.jpeg 768w, https:\/\/www.camping-lebontemps.fr\/wp-content\/uploads\/2024\/10\/AdobeStock_229390395-1-1536x1017.jpeg 1536w, https:\/\/www.camping-lebontemps.fr\/wp-content\/uploads\/2024\/10\/AdobeStock_229390395-1-2048x1356.jpeg 2048w\" sizes=\"(max-width: 1024px) 100vw, 1024px\" title=\"\">        <\/article>\r\n              <article class=\"lieu-alentour currentCat visuel\" data-cat=\"visits\" data-slug=\"musee-des-confluences\" data-icone=\"\" data-couleur=\"\" data-latitude=\"45.7336403\" data-longitude=\"4.8188954\">\r\n          <div class=\"texte-lieu\">\r\n            <p class=\"categorie-lieu\">\r\n              <svg xmlns=\"http:\/\/www.w3.org\/2000\/svg\" viewBox=\"0 0 384 512\" style=\"width: 0.65rem; margin-right: .25rem; fill: white;\"><path d=\"M32 32C32 14.3 46.3 0 64 0H320c17.7 0 32 14.3 32 32s-14.3 32-32 32H290.5l11.4 148.2c36.7 19.9 65.7 53.2 79.5 94.7l1 3c3.3 9.8 1.6 20.5-4.4 28.8s-15.7 13.3-26 13.3H32c-10.3 0-19.9-4.9-26-13.3s-7.7-19.1-4.4-28.8l1-3c13.8-41.5 42.8-74.8 79.5-94.7L93.5 64H64C46.3 64 32 49.7 32 32zM160 384h64v96c0 17.7-14.3 32-32 32s-32-14.3-32-32V384z\"\/><\/svg> Visits            <\/p>\r\n            <p class=\"titre-lieu\">Mus\u00e9e des Confluences<\/p>\r\n            <p class=\"ville-lieu\">Lyon<\/p>\r\n          <\/div>\r\n          <img width=\"1024\" height=\"683\" src=\"https:\/\/www.camping-lebontemps.fr\/wp-content\/uploads\/2025\/06\/ADO-Lyon-1-1024x683.jpeg\" class=\"attachment-large size-large\" alt=\"camping lyon\" decoding=\"async\" loading=\"lazy\" srcset=\"https:\/\/www.camping-lebontemps.fr\/wp-content\/uploads\/2025\/06\/ADO-Lyon-1-1024x683.jpeg 1024w, https:\/\/www.camping-lebontemps.fr\/wp-content\/uploads\/2025\/06\/ADO-Lyon-1-420x280.jpeg 420w, https:\/\/www.camping-lebontemps.fr\/wp-content\/uploads\/2025\/06\/ADO-Lyon-1-768x512.jpeg 768w, https:\/\/www.camping-lebontemps.fr\/wp-content\/uploads\/2025\/06\/ADO-Lyon-1-1536x1024.jpeg 1536w, https:\/\/www.camping-lebontemps.fr\/wp-content\/uploads\/2025\/06\/ADO-Lyon-1-2048x1365.jpeg 2048w\" sizes=\"(max-width: 1024px) 100vw, 1024px\" title=\"\">        <\/article>\r\n              <article class=\"lieu-alentour currentCat visuel\" data-cat=\"visits\" data-slug=\"palais-ideal-du-facteur-cheval\" data-icone=\"\" data-couleur=\"\" data-latitude=\"45.2562733\" data-longitude=\"5.0285098\">\r\n          <div class=\"texte-lieu\">\r\n            <p class=\"categorie-lieu\">\r\n              <svg xmlns=\"http:\/\/www.w3.org\/2000\/svg\" viewBox=\"0 0 384 512\" style=\"width: 0.65rem; margin-right: .25rem; fill: white;\"><path d=\"M32 32C32 14.3 46.3 0 64 0H320c17.7 0 32 14.3 32 32s-14.3 32-32 32H290.5l11.4 148.2c36.7 19.9 65.7 53.2 79.5 94.7l1 3c3.3 9.8 1.6 20.5-4.4 28.8s-15.7 13.3-26 13.3H32c-10.3 0-19.9-4.9-26-13.3s-7.7-19.1-4.4-28.8l1-3c13.8-41.5 42.8-74.8 79.5-94.7L93.5 64H64C46.3 64 32 49.7 32 32zM160 384h64v96c0 17.7-14.3 32-32 32s-32-14.3-32-32V384z\"\/><\/svg> Visits            <\/p>\r\n            <p class=\"titre-lieu\">Palais Id\u00e9al du Facteur Cheval<\/p>\r\n            <p class=\"ville-lieu\">Hauterives<\/p>\r\n          <\/div>\r\n          <img width=\"1024\" height=\"683\" src=\"https:\/\/www.camping-lebontemps.fr\/wp-content\/uploads\/2024\/06\/AdobeStock_84723785.jpeg\" class=\"attachment-large size-large\" alt=\"Palais facteur cheval\" decoding=\"async\" loading=\"lazy\" srcset=\"https:\/\/www.camping-lebontemps.fr\/wp-content\/uploads\/2024\/06\/AdobeStock_84723785.jpeg 1024w, https:\/\/www.camping-lebontemps.fr\/wp-content\/uploads\/2024\/06\/AdobeStock_84723785-420x280.jpeg 420w, https:\/\/www.camping-lebontemps.fr\/wp-content\/uploads\/2024\/06\/AdobeStock_84723785-768x512.jpeg 768w\" sizes=\"(max-width: 1024px) 100vw, 1024px\" title=\"\">        <\/article>\r\n              <article class=\"lieu-alentour currentCat visuel\" data-cat=\"activities\" data-slug=\"safari-de-peaugres\" data-icone=\"\" data-couleur=\"\" data-latitude=\"45.2716111\" data-longitude=\"4.7154844\">\r\n          <div class=\"texte-lieu\">\r\n            <p class=\"categorie-lieu\">\r\n              <svg xmlns=\"http:\/\/www.w3.org\/2000\/svg\" viewBox=\"0 0 384 512\" style=\"width: 0.65rem; margin-right: .25rem; fill: white;\"><path d=\"M32 32C32 14.3 46.3 0 64 0H320c17.7 0 32 14.3 32 32s-14.3 32-32 32H290.5l11.4 148.2c36.7 19.9 65.7 53.2 79.5 94.7l1 3c3.3 9.8 1.6 20.5-4.4 28.8s-15.7 13.3-26 13.3H32c-10.3 0-19.9-4.9-26-13.3s-7.7-19.1-4.4-28.8l1-3c13.8-41.5 42.8-74.8 79.5-94.7L93.5 64H64C46.3 64 32 49.7 32 32zM160 384h64v96c0 17.7-14.3 32-32 32s-32-14.3-32-32V384z\"\/><\/svg> Activities            <\/p>\r\n            <p class=\"titre-lieu\">Peaugres Safari<\/p>\r\n            <p class=\"ville-lieu\">Peaugres<\/p>\r\n          <\/div>\r\n          <img width=\"1024\" height=\"682\" src=\"https:\/\/www.camping-lebontemps.fr\/wp-content\/uploads\/2024\/06\/batch_AdobeStock_292724373.jpg\" class=\"attachment-large size-large\" alt=\"View from a car on Giraffe in drive through safari zoo\" decoding=\"async\" loading=\"lazy\" srcset=\"https:\/\/www.camping-lebontemps.fr\/wp-content\/uploads\/2024\/06\/batch_AdobeStock_292724373.jpg 1024w, https:\/\/www.camping-lebontemps.fr\/wp-content\/uploads\/2024\/06\/batch_AdobeStock_292724373-420x280.jpg 420w, https:\/\/www.camping-lebontemps.fr\/wp-content\/uploads\/2024\/06\/batch_AdobeStock_292724373-768x512.jpg 768w\" sizes=\"(max-width: 1024px) 100vw, 1024px\" title=\"\">        <\/article>\r\n              <article class=\"lieu-alentour currentCat visuel\" data-cat=\"activities\" data-slug=\"garratiere-and-pre-pommier-gardens\" data-icone=\"\" data-couleur=\"\" data-latitude=\"45.4276348\" data-longitude=\"4.9285758\">\r\n          <div class=\"texte-lieu\">\r\n            <p class=\"categorie-lieu\">\r\n              <svg xmlns=\"http:\/\/www.w3.org\/2000\/svg\" viewBox=\"0 0 384 512\" style=\"width: 0.65rem; margin-right: .25rem; fill: white;\"><path d=\"M32 32C32 14.3 46.3 0 64 0H320c17.7 0 32 14.3 32 32s-14.3 32-32 32H290.5l11.4 148.2c36.7 19.9 65.7 53.2 79.5 94.7l1 3c3.3 9.8 1.6 20.5-4.4 28.8s-15.7 13.3-26 13.3H32c-10.3 0-19.9-4.9-26-13.3s-7.7-19.1-4.4-28.8l1-3c13.8-41.5 42.8-74.8 79.5-94.7L93.5 64H64C46.3 64 32 49.7 32 32zM160 384h64v96c0 17.7-14.3 32-32 32s-32-14.3-32-32V384z\"\/><\/svg> Activities            <\/p>\r\n            <p class=\"titre-lieu\">Garrati\u00e8re and Pr\u00e9 Pommier gardens<\/p>\r\n            <p class=\"ville-lieu\">Vernioz<\/p>\r\n          <\/div>\r\n          <img width=\"1024\" height=\"768\" src=\"https:\/\/www.camping-lebontemps.fr\/wp-content\/uploads\/2024\/06\/AdobeStock_594157870-1024x768.jpeg\" class=\"attachment-large size-large\" alt=\"lac camping\" decoding=\"async\" loading=\"lazy\" srcset=\"https:\/\/www.camping-lebontemps.fr\/wp-content\/uploads\/2024\/06\/AdobeStock_594157870-1024x768.jpeg 1024w, https:\/\/www.camping-lebontemps.fr\/wp-content\/uploads\/2024\/06\/AdobeStock_594157870-420x315.jpeg 420w, https:\/\/www.camping-lebontemps.fr\/wp-content\/uploads\/2024\/06\/AdobeStock_594157870-768x576.jpeg 768w, https:\/\/www.camping-lebontemps.fr\/wp-content\/uploads\/2024\/06\/AdobeStock_594157870-1536x1152.jpeg 1536w, https:\/\/www.camping-lebontemps.fr\/wp-content\/uploads\/2024\/06\/AdobeStock_594157870-2048x1536.jpeg 2048w\" sizes=\"(max-width: 1024px) 100vw, 1024px\" title=\"\">        <\/article>\r\n              <article class=\"lieu-alentour currentCat visuel\" data-cat=\"activities\" data-slug=\"hot-air-balloon-flight\" data-icone=\"\" data-couleur=\"\" data-latitude=\"45.1819503\" data-longitude=\"4.6921949\">\r\n          <div class=\"texte-lieu\">\r\n            <p class=\"categorie-lieu\">\r\n              <svg xmlns=\"http:\/\/www.w3.org\/2000\/svg\" viewBox=\"0 0 384 512\" style=\"width: 0.65rem; margin-right: .25rem; fill: white;\"><path d=\"M32 32C32 14.3 46.3 0 64 0H320c17.7 0 32 14.3 32 32s-14.3 32-32 32H290.5l11.4 148.2c36.7 19.9 65.7 53.2 79.5 94.7l1 3c3.3 9.8 1.6 20.5-4.4 28.8s-15.7 13.3-26 13.3H32c-10.3 0-19.9-4.9-26-13.3s-7.7-19.1-4.4-28.8l1-3c13.8-41.5 42.8-74.8 79.5-94.7L93.5 64H64C46.3 64 32 49.7 32 32zM160 384h64v96c0 17.7-14.3 32-32 32s-32-14.3-32-32V384z\"\/><\/svg> Activities            <\/p>\r\n            <p class=\"titre-lieu\">Hot-air balloon flight<\/p>\r\n            <p class=\"ville-lieu\">Quintenas<\/p>\r\n          <\/div>\r\n          <img width=\"1024\" height=\"685\" src=\"https:\/\/www.camping-lebontemps.fr\/wp-content\/uploads\/2024\/06\/batch_AdobeStock_5413432.jpg\" class=\"attachment-large size-large\" alt=\"annonay\" decoding=\"async\" loading=\"lazy\" srcset=\"https:\/\/www.camping-lebontemps.fr\/wp-content\/uploads\/2024\/06\/batch_AdobeStock_5413432.jpg 1024w, https:\/\/www.camping-lebontemps.fr\/wp-content\/uploads\/2024\/06\/batch_AdobeStock_5413432-420x281.jpg 420w, https:\/\/www.camping-lebontemps.fr\/wp-content\/uploads\/2024\/06\/batch_AdobeStock_5413432-768x514.jpg 768w\" sizes=\"(max-width: 1024px) 100vw, 1024px\" title=\"\">        <\/article>\r\n              <article class=\"lieu-alentour currentCat visuel\" data-cat=\"activities\" data-slug=\"hikes\" data-icone=\"\" data-couleur=\"\" data-latitude=\"45.4667548\" data-longitude=\"4.7650395\">\r\n          <div class=\"texte-lieu\">\r\n            <p class=\"categorie-lieu\">\r\n              <svg xmlns=\"http:\/\/www.w3.org\/2000\/svg\" viewBox=\"0 0 384 512\" style=\"width: 0.65rem; margin-right: .25rem; fill: white;\"><path d=\"M32 32C32 14.3 46.3 0 64 0H320c17.7 0 32 14.3 32 32s-14.3 32-32 32H290.5l11.4 148.2c36.7 19.9 65.7 53.2 79.5 94.7l1 3c3.3 9.8 1.6 20.5-4.4 28.8s-15.7 13.3-26 13.3H32c-10.3 0-19.9-4.9-26-13.3s-7.7-19.1-4.4-28.8l1-3c13.8-41.5 42.8-74.8 79.5-94.7L93.5 64H64C46.3 64 32 49.7 32 32zM160 384h64v96c0 17.7-14.3 32-32 32s-32-14.3-32-32V384z\"\/><\/svg> Activities            <\/p>\r\n            <p class=\"titre-lieu\">Hiking<\/p>\r\n            <p class=\"ville-lieu\">Condrieu<\/p>\r\n          <\/div>\r\n          <img width=\"1024\" height=\"683\" src=\"https:\/\/www.camping-lebontemps.fr\/wp-content\/uploads\/2024\/06\/AdobeStock_13116797.webp\" class=\"attachment-large size-large\" alt=\"randonn\u00e9e is\u00e8re\" decoding=\"async\" loading=\"lazy\" srcset=\"https:\/\/www.camping-lebontemps.fr\/wp-content\/uploads\/2024\/06\/AdobeStock_13116797.webp 1024w, https:\/\/www.camping-lebontemps.fr\/wp-content\/uploads\/2024\/06\/AdobeStock_13116797-420x280.webp 420w, https:\/\/www.camping-lebontemps.fr\/wp-content\/uploads\/2024\/06\/AdobeStock_13116797-768x512.webp 768w\" sizes=\"(max-width: 1024px) 100vw, 1024px\" title=\"\">        <\/article>\r\n              <article class=\"lieu-alentour currentCat visuel\" data-cat=\"activities\" data-slug=\"base-de-loisirs-nautique\" data-icone=\"\" data-couleur=\"\" data-latitude=\"45.385432\" data-longitude=\"4.754844\">\r\n          <div class=\"texte-lieu\">\r\n            <p class=\"categorie-lieu\">\r\n              <svg xmlns=\"http:\/\/www.w3.org\/2000\/svg\" viewBox=\"0 0 384 512\" style=\"width: 0.65rem; margin-right: .25rem; fill: white;\"><path d=\"M32 32C32 14.3 46.3 0 64 0H320c17.7 0 32 14.3 32 32s-14.3 32-32 32H290.5l11.4 148.2c36.7 19.9 65.7 53.2 79.5 94.7l1 3c3.3 9.8 1.6 20.5-4.4 28.8s-15.7 13.3-26 13.3H32c-10.3 0-19.9-4.9-26-13.3s-7.7-19.1-4.4-28.8l1-3c13.8-41.5 42.8-74.8 79.5-94.7L93.5 64H64C46.3 64 32 49.7 32 32zM160 384h64v96c0 17.7-14.3 32-32 32s-32-14.3-32-32V384z\"\/><\/svg> Activities            <\/p>\r\n            <p class=\"titre-lieu\">Nautical leisure centre<\/p>\r\n            <p class=\"ville-lieu\">Saint-Pierre-de-B\u0153uf<\/p>\r\n          <\/div>\r\n          <img width=\"1024\" height=\"683\" src=\"https:\/\/www.camping-lebontemps.fr\/wp-content\/uploads\/2024\/06\/AdobeStock_484709291.webp\" class=\"attachment-large size-large\" alt=\"kayak camping isere\" decoding=\"async\" loading=\"lazy\" srcset=\"https:\/\/www.camping-lebontemps.fr\/wp-content\/uploads\/2024\/06\/AdobeStock_484709291.webp 1024w, https:\/\/www.camping-lebontemps.fr\/wp-content\/uploads\/2024\/06\/AdobeStock_484709291-420x280.webp 420w, https:\/\/www.camping-lebontemps.fr\/wp-content\/uploads\/2024\/06\/AdobeStock_484709291-768x512.webp 768w\" sizes=\"(max-width: 1024px) 100vw, 1024px\" title=\"\">        <\/article>\r\n              <article class=\"lieu-alentour currentCat visuel\" data-cat=\"activities\" data-slug=\"route-through-the-trees\" data-icone=\"\" data-couleur=\"\" data-latitude=\"45.2610118\" data-longitude=\"5.0861013\">\r\n          <div class=\"texte-lieu\">\r\n            <p class=\"categorie-lieu\">\r\n              <svg xmlns=\"http:\/\/www.w3.org\/2000\/svg\" viewBox=\"0 0 384 512\" style=\"width: 0.65rem; margin-right: .25rem; fill: white;\"><path d=\"M32 32C32 14.3 46.3 0 64 0H320c17.7 0 32 14.3 32 32s-14.3 32-32 32H290.5l11.4 148.2c36.7 19.9 65.7 53.2 79.5 94.7l1 3c3.3 9.8 1.6 20.5-4.4 28.8s-15.7 13.3-26 13.3H32c-10.3 0-19.9-4.9-26-13.3s-7.7-19.1-4.4-28.8l1-3c13.8-41.5 42.8-74.8 79.5-94.7L93.5 64H64C46.3 64 32 49.7 32 32zM160 384h64v96c0 17.7-14.3 32-32 32s-32-14.3-32-32V384z\"\/><\/svg> Activities            <\/p>\r\n            <p class=\"titre-lieu\">Tree climbing<\/p>\r\n            <p class=\"ville-lieu\">Le Grand-Serre<\/p>\r\n          <\/div>\r\n          <img width=\"1024\" height=\"683\" src=\"https:\/\/www.camping-lebontemps.fr\/wp-content\/uploads\/2024\/06\/AdobeStock_198178803.webp\" class=\"attachment-large size-large\" alt=\"accrobranche camping isere\" decoding=\"async\" loading=\"lazy\" srcset=\"https:\/\/www.camping-lebontemps.fr\/wp-content\/uploads\/2024\/06\/AdobeStock_198178803.webp 1024w, https:\/\/www.camping-lebontemps.fr\/wp-content\/uploads\/2024\/06\/AdobeStock_198178803-420x280.webp 420w, https:\/\/www.camping-lebontemps.fr\/wp-content\/uploads\/2024\/06\/AdobeStock_198178803-768x512.webp 768w\" sizes=\"(max-width: 1024px) 100vw, 1024px\" title=\"\">        <\/article>\r\n              <article class=\"lieu-alentour currentCat visuel\" data-cat=\"visits\" data-slug=\"jardin-du-bois-marquis\" data-icone=\"\" data-couleur=\"\" data-latitude=\"45.428358\" data-longitude=\"4.8801687\">\r\n          <div class=\"texte-lieu\">\r\n            <p class=\"categorie-lieu\">\r\n              <svg xmlns=\"http:\/\/www.w3.org\/2000\/svg\" viewBox=\"0 0 384 512\" style=\"width: 0.65rem; margin-right: .25rem; fill: white;\"><path d=\"M32 32C32 14.3 46.3 0 64 0H320c17.7 0 32 14.3 32 32s-14.3 32-32 32H290.5l11.4 148.2c36.7 19.9 65.7 53.2 79.5 94.7l1 3c3.3 9.8 1.6 20.5-4.4 28.8s-15.7 13.3-26 13.3H32c-10.3 0-19.9-4.9-26-13.3s-7.7-19.1-4.4-28.8l1-3c13.8-41.5 42.8-74.8 79.5-94.7L93.5 64H64C46.3 64 32 49.7 32 32zM160 384h64v96c0 17.7-14.3 32-32 32s-32-14.3-32-32V384z\"\/><\/svg> Visits            <\/p>\r\n            <p class=\"titre-lieu\">Jardin du Bois Marquis<\/p>\r\n            <p class=\"ville-lieu\">Vernioz<\/p>\r\n          <\/div>\r\n          <img width=\"1024\" height=\"768\" src=\"https:\/\/www.camping-lebontemps.fr\/wp-content\/uploads\/2024\/06\/batch_AdobeStock_678108592.jpg\" class=\"attachment-large size-large\" alt=\"camping rhone alpes\" decoding=\"async\" loading=\"lazy\" srcset=\"https:\/\/www.camping-lebontemps.fr\/wp-content\/uploads\/2024\/06\/batch_AdobeStock_678108592.jpg 1024w, https:\/\/www.camping-lebontemps.fr\/wp-content\/uploads\/2024\/06\/batch_AdobeStock_678108592-420x315.jpg 420w, https:\/\/www.camping-lebontemps.fr\/wp-content\/uploads\/2024\/06\/batch_AdobeStock_678108592-768x576.jpg 768w\" sizes=\"(max-width: 1024px) 100vw, 1024px\" title=\"\">        <\/article>\r\n              <article class=\"lieu-alentour currentCat visuel\" data-cat=\"visits\" data-slug=\"chateau-de-septeme\" data-icone=\"\" data-couleur=\"\" data-latitude=\"45.5507643\" data-longitude=\"5.0106486\">\r\n          <div class=\"texte-lieu\">\r\n            <p class=\"categorie-lieu\">\r\n              <svg xmlns=\"http:\/\/www.w3.org\/2000\/svg\" viewBox=\"0 0 384 512\" style=\"width: 0.65rem; margin-right: .25rem; fill: white;\"><path d=\"M32 32C32 14.3 46.3 0 64 0H320c17.7 0 32 14.3 32 32s-14.3 32-32 32H290.5l11.4 148.2c36.7 19.9 65.7 53.2 79.5 94.7l1 3c3.3 9.8 1.6 20.5-4.4 28.8s-15.7 13.3-26 13.3H32c-10.3 0-19.9-4.9-26-13.3s-7.7-19.1-4.4-28.8l1-3c13.8-41.5 42.8-74.8 79.5-94.7L93.5 64H64C46.3 64 32 49.7 32 32zM160 384h64v96c0 17.7-14.3 32-32 32s-32-14.3-32-32V384z\"\/><\/svg> Visits            <\/p>\r\n            <p class=\"titre-lieu\">Ch\u00e2teau de Sept\u00e8me<\/p>\r\n            <p class=\"ville-lieu\">Sept\u00e8me<\/p>\r\n          <\/div>\r\n          <img width=\"1024\" height=\"682\" src=\"https:\/\/www.camping-lebontemps.fr\/wp-content\/uploads\/2024\/06\/batch_AdobeStock_18316005.jpg\" class=\"attachment-large size-large\" alt=\"enfant camping rhone alpes\" decoding=\"async\" loading=\"lazy\" srcset=\"https:\/\/www.camping-lebontemps.fr\/wp-content\/uploads\/2024\/06\/batch_AdobeStock_18316005.jpg 1024w, https:\/\/www.camping-lebontemps.fr\/wp-content\/uploads\/2024\/06\/batch_AdobeStock_18316005-420x280.jpg 420w, https:\/\/www.camping-lebontemps.fr\/wp-content\/uploads\/2024\/06\/batch_AdobeStock_18316005-768x512.jpg 768w\" sizes=\"(max-width: 1024px) 100vw, 1024px\" title=\"\">        <\/article>\r\n              <article class=\"lieu-alentour currentCat visuel\" data-cat=\"visits\" data-slug=\"tour-dalbon\" data-icone=\"\" data-couleur=\"\" data-latitude=\"45.248574\" data-longitude=\"4.868736\">\r\n          <div class=\"texte-lieu\">\r\n            <p class=\"categorie-lieu\">\r\n              <svg xmlns=\"http:\/\/www.w3.org\/2000\/svg\" viewBox=\"0 0 384 512\" style=\"width: 0.65rem; margin-right: .25rem; fill: white;\"><path d=\"M32 32C32 14.3 46.3 0 64 0H320c17.7 0 32 14.3 32 32s-14.3 32-32 32H290.5l11.4 148.2c36.7 19.9 65.7 53.2 79.5 94.7l1 3c3.3 9.8 1.6 20.5-4.4 28.8s-15.7 13.3-26 13.3H32c-10.3 0-19.9-4.9-26-13.3s-7.7-19.1-4.4-28.8l1-3c13.8-41.5 42.8-74.8 79.5-94.7L93.5 64H64C46.3 64 32 49.7 32 32zM160 384h64v96c0 17.7-14.3 32-32 32s-32-14.3-32-32V384z\"\/><\/svg> Visits            <\/p>\r\n            <p class=\"titre-lieu\">Albon Tower<\/p>\r\n            <p class=\"ville-lieu\">Albon<\/p>\r\n          <\/div>\r\n          <img width=\"1024\" height=\"684\" src=\"https:\/\/www.camping-lebontemps.fr\/wp-content\/uploads\/2024\/06\/batch_AdobeStock_136736737.jpg\" class=\"attachment-large size-large\" alt=\"Albon\" decoding=\"async\" loading=\"lazy\" srcset=\"https:\/\/www.camping-lebontemps.fr\/wp-content\/uploads\/2024\/06\/batch_AdobeStock_136736737.jpg 1024w, https:\/\/www.camping-lebontemps.fr\/wp-content\/uploads\/2024\/06\/batch_AdobeStock_136736737-420x281.jpg 420w, https:\/\/www.camping-lebontemps.fr\/wp-content\/uploads\/2024\/06\/batch_AdobeStock_136736737-768x513.jpg 768w\" sizes=\"(max-width: 1024px) 100vw, 1024px\" title=\"\">        <\/article>\r\n              <article class=\"lieu-alentour currentCat visuel\" data-cat=\"villages-en\" data-slug=\"sainte-croix-en-jarez\" data-icone=\"\" data-couleur=\"\" data-latitude=\"45.47969\" data-longitude=\"4.646275\">\r\n          <div class=\"texte-lieu\">\r\n            <p class=\"categorie-lieu\">\r\n              <svg xmlns=\"http:\/\/www.w3.org\/2000\/svg\" viewBox=\"0 0 384 512\" style=\"width: 0.65rem; margin-right: .25rem; fill: white;\"><path d=\"M32 32C32 14.3 46.3 0 64 0H320c17.7 0 32 14.3 32 32s-14.3 32-32 32H290.5l11.4 148.2c36.7 19.9 65.7 53.2 79.5 94.7l1 3c3.3 9.8 1.6 20.5-4.4 28.8s-15.7 13.3-26 13.3H32c-10.3 0-19.9-4.9-26-13.3s-7.7-19.1-4.4-28.8l1-3c13.8-41.5 42.8-74.8 79.5-94.7L93.5 64H64C46.3 64 32 49.7 32 32zM160 384h64v96c0 17.7-14.3 32-32 32s-32-14.3-32-32V384z\"\/><\/svg> Villages            <\/p>\r\n            <p class=\"titre-lieu\">Sainte-Croix-en-Jarez<\/p>\r\n            <p class=\"ville-lieu\">Sainte-Croix-en-Jarez<\/p>\r\n          <\/div>\r\n          <img width=\"1024\" height=\"681\" src=\"https:\/\/www.camping-lebontemps.fr\/wp-content\/uploads\/2024\/06\/batch_AdobeStock_166861415.jpg\" class=\"attachment-large size-large\" alt=\"La Chartreuse de Sainte-Croix-en-Jares dans le Pilat\" decoding=\"async\" loading=\"lazy\" srcset=\"https:\/\/www.camping-lebontemps.fr\/wp-content\/uploads\/2024\/06\/batch_AdobeStock_166861415.jpg 1024w, https:\/\/www.camping-lebontemps.fr\/wp-content\/uploads\/2024\/06\/batch_AdobeStock_166861415-420x279.jpg 420w, https:\/\/www.camping-lebontemps.fr\/wp-content\/uploads\/2024\/06\/batch_AdobeStock_166861415-768x511.jpg 768w\" sizes=\"(max-width: 1024px) 100vw, 1024px\" title=\"\">        <\/article>\r\n          <\/div>\r\n    <div id='page_navigation'><\/div>\r\n  <\/div>\r\n\r\n  <div id=\"map-alentours\" class=\"wp-block-column\">\r\n    <div id=\"map\"><\/div>\r\n  <\/div>\r\n\r\n<\/section>\r\n\r\n<\/section>\n\n\n\n<section class=\"is-layout-flow wp-block-group T-10\">\n<div class=\"is-layout-flex wp-container-17 wp-block-columns are-vertically-aligned-center reverse-mob\">\n<div class=\"is-layout-flow wp-block-column is-vertically-aligned-center col-img\"><div class=\"fc-galerie fc-auto f-carousel fc-diapo-mob \"  style=\"\"  data-fancybox=\"gallery-mob\"><figure class=\"fc-galerie__item fc-auto f-carousel__slide \" style=\"\"><picture><source srcset=\"https:\/\/www.camping-lebontemps.fr\/wp-content\/uploads\/2024\/06\/batch_AdobeStock_5413432-210x210.jpg\" media=\"(max-width: 211px)\"><source srcset=\"https:\/\/www.camping-lebontemps.fr\/wp-content\/uploads\/2024\/06\/batch_AdobeStock_5413432-420x281.jpg\" media=\"(max-width: 421px)\"><source srcset=\"https:\/\/www.camping-lebontemps.fr\/wp-content\/uploads\/2024\/06\/batch_AdobeStock_5413432.jpg\" media=\"(max-width: 1025px)\"><source srcset=\"https:\/\/www.camping-lebontemps.fr\/wp-content\/uploads\/2024\/06\/batch_AdobeStock_5413432.jpg\" media=\"(min-width: 1026px)\"><img decoding=\"async\" loading=\"lazy\" width=\"415\" height=\"210\" src=\"https:\/\/www.camping-lebontemps.fr\/wp-content\/uploads\/2024\/06\/batch_AdobeStock_5413432-210x210.jpg\" alt=\"annonay montgolfi\u00e8re camping\" title=\"\"><\/picture><\/figure><figure class=\"fc-galerie__item fc-auto f-carousel__slide \" style=\"\"><picture><source srcset=\"https:\/\/www.camping-lebontemps.fr\/wp-content\/uploads\/2024\/06\/AdobeStock_84723785-210x210.jpeg\" media=\"(max-width: 211px)\"><source srcset=\"https:\/\/www.camping-lebontemps.fr\/wp-content\/uploads\/2024\/06\/AdobeStock_84723785-420x280.jpeg\" media=\"(max-width: 421px)\"><source srcset=\"https:\/\/www.camping-lebontemps.fr\/wp-content\/uploads\/2024\/06\/AdobeStock_84723785.jpeg\" media=\"(max-width: 1025px)\"><source srcset=\"https:\/\/www.camping-lebontemps.fr\/wp-content\/uploads\/2024\/06\/AdobeStock_84723785.jpeg\" media=\"(min-width: 1026px)\"><img decoding=\"async\" loading=\"lazy\" width=\"415\" height=\"210\" src=\"https:\/\/www.camping-lebontemps.fr\/wp-content\/uploads\/2024\/06\/AdobeStock_84723785-210x210.jpeg\" alt=\"Palais facteur cheval\" title=\"\"><\/picture><\/figure><figure class=\"fc-galerie__item fc-auto f-carousel__slide \" style=\"\"><picture><source srcset=\"https:\/\/www.camping-lebontemps.fr\/wp-content\/uploads\/2024\/06\/batch_AdobeStock_166861415-210x210.jpg\" media=\"(max-width: 211px)\"><source srcset=\"https:\/\/www.camping-lebontemps.fr\/wp-content\/uploads\/2024\/06\/batch_AdobeStock_166861415-420x279.jpg\" media=\"(max-width: 421px)\"><source srcset=\"https:\/\/www.camping-lebontemps.fr\/wp-content\/uploads\/2024\/06\/batch_AdobeStock_166861415.jpg\" media=\"(max-width: 1025px)\"><source srcset=\"https:\/\/www.camping-lebontemps.fr\/wp-content\/uploads\/2024\/06\/batch_AdobeStock_166861415.jpg\" media=\"(min-width: 1026px)\"><img decoding=\"async\" loading=\"lazy\" width=\"415\" height=\"210\" src=\"https:\/\/www.camping-lebontemps.fr\/wp-content\/uploads\/2024\/06\/batch_AdobeStock_166861415-210x210.jpg\" alt=\"La Chartreuse de Sainte-Croix-en-Jares dans le Pilat\" title=\"\"><\/picture><\/figure><\/div>\n\n\n<div class=\"is-layout-flex wp-block-buttons\">\n<div class=\"wp-block-button btn_galerie fc-style-1\"><a class=\"wp-block-button__link wp-element-button\" href=\"https:\/\/www.camping-lebontemps.fr\/en\/photo-gallery\/\">&gt; View gallery<\/a><\/div>\n<\/div>\n<\/div>\n\n\n\n<div class=\"is-layout-flow wp-block-column is-vertically-aligned-center col-text\" style=\"flex-basis:40%\">\n<h2 class=\"has-vert-color has-text-color\" id=\"le-camping-pres-de-la-plage-des-vacances-parfaites\">What to do in Is\u00e8re for your stay in Auvergne-Rh\u00f4ne-Alpes<\/h2>\n\n\n\n<p>Vernioz, located in the <strong>Auvergne-Rh\u00f4ne-Alpes<\/strong> region, offers a wide range of activities. Whether you&#8217;re looking for adventure or relaxation, you&#8217;re sure to find what you&#8217;re looking for.<\/p>\n\n\n\n<p>Just 30 km from Le Bontemps campsite, you can take to the skies and admire the region on a <strong>hot-air balloon flight<\/strong>. This experience offers a breathtaking view of the <strong>vineyards <\/strong>and <strong>the Rh\u00f4ne River<\/strong>.<\/p>\n\n\n\n<p>Nature lovers will appreciate a guided <strong>hike<\/strong>, with or without donkeys, to explore the surrounding area. You can contemplate the scenery and enjoy the tranquil surroundings.<\/p>\n\n\n\n<p>Finally, for <strong>wine<\/strong> lovers, a tasting tour of the <strong>C\u00f4tes du Rh\u00f4ne<\/strong> is an excellent opportunity to discover local wines. You&#8217;ll have the chance to taste wines while learning about their origins and history.<\/p>\n\n\n\n<div class=\"wp-block-fc-gut-encart fc-information\">\n<p>Vernioz is an ideal destination for sports, wine and nature enthusiasts.<\/p>\n<\/div>\n<\/div>\n<\/div>\n<\/section>\n\n\n\n<section class=\"is-layout-flow wp-block-group alignfull\"><figure class=\"deco--vague fc-auto \" style=\"\"  ><picture><source srcset=\"https:\/\/www.camping-lebontemps.fr\/wp-content\/uploads\/2024\/05\/vague.svg\" media=\"(max-width: 211px)\"><source srcset=\"https:\/\/www.camping-lebontemps.fr\/wp-content\/uploads\/2024\/05\/vague.svg\" media=\"(max-width: 421px)\"><source srcset=\"https:\/\/www.camping-lebontemps.fr\/wp-content\/uploads\/2024\/05\/vague.svg\" media=\"(max-width: 1025px)\"><source srcset=\"https:\/\/www.camping-lebontemps.fr\/wp-content\/uploads\/2024\/05\/vague.svg\" media=\"(min-width: 1026px)\"><img decoding=\"async\" loading=\"lazy\" width=\"420\" height=\"210\" src=\"https:\/\/www.camping-lebontemps.fr\/wp-content\/uploads\/2024\/05\/vague.svg\" alt=\"camping Ciela Village\" title=\"\"><\/picture><\/figure>\n\n\n<div class=\"is-layout-flex wp-container-22 wp-block-columns has-vert-background-color has-background\">\n<div class=\"is-layout-flow wp-block-column\">\n<h2 id=\"la-gastronomie-landaise-des-vacances-pour-se-regaler\">Gastronomic specialties of the region<\/h2>\n\n\n\n<p>The Auvergne-Rh\u00f4ne-Alpes region is renowned for its <strong>culinary diversity<\/strong>.<\/p>\n\n\n\n<p><strong>C\u00f4tes du Rh\u00f4ne<\/strong> wines are among its most renowned products. The reds are traditionally made from grape varieties such as Grenache, Syrah, Mourv\u00e8dre and Carignan, while the whites are distinguished by varieties such as Viognier, Marsanne, Roussanne and Grenache blanc.<\/p>\n\n\n\n<p>In <strong>Vernioz<\/strong>, you can also enjoy<strong> Chartreuse<\/strong>, a renowned green liqueur from <strong>Voiron<\/strong>, Is\u00e8re, made from a complex blend of 130 plants and flowers.<\/p>\n\n\n\n<p>And let&#8217;s not forget the specialties of <strong>Lyon<\/strong>, just 47 km from Le Bontemps campsite: Rosette, a Lyonnais sausage made from pork and veal, and Salade Lyonnaise, made with lardons, eggs, croutons and salad.<\/p>\n\n\n\n<div class=\"is-layout-flex wp-block-buttons\">\n<div class=\"wp-block-button btn_resa\"><a class=\"wp-block-button__link wp-element-button\"><span class=\"fc-icon\"><!-- Generated by IcoMoon.io -->\n<svg version=\"1.1\" xmlns=\"http:\/\/www.w3.org\/2000\/svg\" width=\"28\" height=\"32\" viewBox=\"0 0 28 32\">\n<path d=\"M11.906 4.181l1.387-1.388c0.588-0.587 1.537-0.587 2.119 0l12.15 12.144c0.587 0.588 0.587 1.538 0 2.119l-12.15 12.15c-0.588 0.587-1.537 0.587-2.119 0l-1.387-1.387c-0.594-0.594-0.581-1.563 0.025-2.144l7.531-7.175h-17.962c-0.831 0-1.5-0.669-1.5-1.5v-2c0-0.831 0.669-1.5 1.5-1.5h17.962l-7.531-7.175c-0.613-0.581-0.625-1.55-0.025-2.144z\"><\/path>\n<\/svg>\n<\/span>  I book my stay<\/a><\/div>\n<\/div>\n<\/div>\n\n\n\n<div class=\"is-layout-flow wp-block-column marge-bottom\"><figure class=\"fc-auto \" style=\"\"  ><picture><source srcset=\"https:\/\/www.camping-lebontemps.fr\/wp-content\/uploads\/2024\/07\/gastronomie-charente-camping-bon-temps-210x210.jpeg\" media=\"(max-width: 211px)\"><source srcset=\"https:\/\/www.camping-lebontemps.fr\/wp-content\/uploads\/2024\/07\/gastronomie-charente-camping-bon-temps-420x280.jpeg\" media=\"(max-width: 421px)\"><source srcset=\"https:\/\/www.camping-lebontemps.fr\/wp-content\/uploads\/2024\/07\/gastronomie-charente-camping-bon-temps.jpeg\" media=\"(max-width: 1025px)\"><source srcset=\"https:\/\/www.camping-lebontemps.fr\/wp-content\/uploads\/2024\/07\/gastronomie-charente-camping-bon-temps.jpeg\" media=\"(min-width: 1026px)\"><img decoding=\"async\" loading=\"lazy\" width=\"420\" height=\"210\" src=\"https:\/\/www.camping-lebontemps.fr\/wp-content\/uploads\/2024\/07\/gastronomie-charente-camping-bon-temps-210x210.jpeg\" alt=\"vin camping rhone alpes\" title=\"\"><\/picture><\/figure><\/div>\n<\/div>\n<\/section>\n\n\n\n<div class=\"is-layout-constrained wp-block-group position\"><figure class=\"deco--lignes2 fc-auto \" style=\"\"  ><picture><source srcset=\"https:\/\/www.camping-lebontemps.fr\/wp-content\/uploads\/2024\/05\/lignes.svg\" media=\"(max-width: 211px)\"><source srcset=\"https:\/\/www.camping-lebontemps.fr\/wp-content\/uploads\/2024\/05\/lignes.svg\" media=\"(max-width: 421px)\"><source srcset=\"https:\/\/www.camping-lebontemps.fr\/wp-content\/uploads\/2024\/05\/lignes.svg\" media=\"(max-width: 1025px)\"><source srcset=\"https:\/\/www.camping-lebontemps.fr\/wp-content\/uploads\/2024\/05\/lignes.svg\" media=\"(min-width: 1026px)\"><img decoding=\"async\" loading=\"lazy\" width=\"420\" height=\"210\" src=\"https:\/\/www.camping-lebontemps.fr\/wp-content\/uploads\/2024\/05\/lignes.svg\" alt=\"camping Ciela Village\" title=\"\"><\/picture><\/figure>\n\n\n<div class=\"is-layout-flex wp-container-28 wp-block-columns are-vertically-aligned-center reverse-mob\">\n<div class=\"is-layout-flow wp-block-column is-vertically-aligned-center\"><div class=\"fc-galerie fc-auto col-1 f-carousel fc-diapo \"  style=\"\"  data-fancybox=\"gallery\"><figure class=\"fc-galerie__item fc-auto f-carousel__slide \" style=\"\"><picture><source srcset=\"https:\/\/www.camping-lebontemps.fr\/wp-content\/uploads\/2024\/06\/batch_AdobeStock_292724373-210x210.jpg\" media=\"(max-width: 211px)\"><source srcset=\"https:\/\/www.camping-lebontemps.fr\/wp-content\/uploads\/2024\/06\/batch_AdobeStock_292724373-420x280.jpg\" media=\"(max-width: 421px)\"><source srcset=\"https:\/\/www.camping-lebontemps.fr\/wp-content\/uploads\/2024\/06\/batch_AdobeStock_292724373.jpg\" media=\"(max-width: 1025px)\"><source srcset=\"https:\/\/www.camping-lebontemps.fr\/wp-content\/uploads\/2024\/06\/batch_AdobeStock_292724373.jpg\" media=\"(min-width: 1026px)\"><img decoding=\"async\" loading=\"lazy\" width=\"415\" height=\"210\" src=\"https:\/\/www.camping-lebontemps.fr\/wp-content\/uploads\/2024\/06\/batch_AdobeStock_292724373-210x210.jpg\" alt=\"Safari de Peaugres\" title=\"\"><\/picture><figcaption>\n<\/figcaption><\/figure><figure class=\"fc-galerie__item fc-auto f-carousel__slide \" style=\"\"><picture><source srcset=\"https:\/\/www.camping-lebontemps.fr\/wp-content\/uploads\/2024\/06\/batch_AdobeStock_426932194-210x210.jpg\" media=\"(max-width: 211px)\"><source srcset=\"https:\/\/www.camping-lebontemps.fr\/wp-content\/uploads\/2024\/06\/batch_AdobeStock_426932194-420x222.jpg\" media=\"(max-width: 421px)\"><source srcset=\"https:\/\/www.camping-lebontemps.fr\/wp-content\/uploads\/2024\/06\/batch_AdobeStock_426932194.jpg\" media=\"(max-width: 1025px)\"><source srcset=\"https:\/\/www.camping-lebontemps.fr\/wp-content\/uploads\/2024\/06\/batch_AdobeStock_426932194.jpg\" media=\"(min-width: 1026px)\"><img decoding=\"async\" loading=\"lazy\" width=\"415\" height=\"210\" src=\"https:\/\/www.camping-lebontemps.fr\/wp-content\/uploads\/2024\/06\/batch_AdobeStock_426932194-210x210.jpg\" alt=\"Lyon, France Musee des Confluences museum.\" title=\"\"><\/picture><figcaption>\n<\/figcaption><\/figure><figure class=\"fc-galerie__item fc-auto f-carousel__slide \" style=\"\"><picture><source srcset=\"https:\/\/www.camping-lebontemps.fr\/wp-content\/uploads\/2024\/06\/batch_AdobeStock_136736737-210x210.jpg\" media=\"(max-width: 211px)\"><source srcset=\"https:\/\/www.camping-lebontemps.fr\/wp-content\/uploads\/2024\/06\/batch_AdobeStock_136736737-420x281.jpg\" media=\"(max-width: 421px)\"><source srcset=\"https:\/\/www.camping-lebontemps.fr\/wp-content\/uploads\/2024\/06\/batch_AdobeStock_136736737.jpg\" media=\"(max-width: 1025px)\"><source srcset=\"https:\/\/www.camping-lebontemps.fr\/wp-content\/uploads\/2024\/06\/batch_AdobeStock_136736737.jpg\" media=\"(min-width: 1026px)\"><img decoding=\"async\" loading=\"lazy\" width=\"415\" height=\"210\" src=\"https:\/\/www.camping-lebontemps.fr\/wp-content\/uploads\/2024\/06\/batch_AdobeStock_136736737-210x210.jpg\" alt=\"Albon\" title=\"\"><\/picture><figcaption>\n<\/figcaption><\/figure><\/div><\/div>\n\n\n\n<div class=\"is-layout-flow wp-block-column is-vertically-aligned-center\">\n<h2 class=\"has-vert-color has-text-color\" id=\"les-plus-beaux-chateaux-des-landes-a-visiter\">Must-see attractions <em>near Le Bontemps campsite in Vernioz, Is\u00e8re<\/em><\/h2>\n\n\n\n<div class=\"wp-block-fc-gut-encart fc-information\">\n<p>The region is packed with sites to discover, to suit all tastes.<\/p>\n<\/div>\n\n\n\n<p>Just 30 km from Le Bontemps campsite, don&#8217;t miss the <strong>Peaugres Safari<\/strong>, where you can observe wild animals in their natural habitat and take part in fun activities. Just 47 km away, Lyon awaits you with its <strong>rich historical heritage<\/strong>, <strong>museums <\/strong>and renowned <strong>gastronomy<\/strong>. Just 14 km away, explore <strong>Vienna <\/strong>and its <strong>historic monuments<\/strong>, while sampling <strong>local specialties<\/strong>.<\/p>\n\n\n\n<p><strong>Mountain bikers and hikers<\/strong> will love the <strong>Pilat Regional Nature Park<\/strong>, 30 km from Le Bontemps campsite.<\/p>\n\n\n\n<p>In short, whether you&#8217;re looking for <strong>nature<\/strong>, <strong>history <\/strong>or <strong>gastronomy<\/strong>, you&#8217;ll find plenty to enrich your stay in Vernioz!<\/p>\n<\/div>\n<\/div>\n<\/div>\n","protected":false},"excerpt":{"rendered":"<p>Discover the Auvergne-Rh\u00f4ne-Alpes region from our 4-star campsite Le Bontemps Located in Vernioz, Is\u00e8re, in the heart of the splendid Rh\u00f4ne-Alpes region, the Ciela Village Le Bontemps campsite is a choice destination for nature lovers and adventure-seeking families. Just 30 minutes from the fascinating Peaugres Safari, this campsite offers the ideal setting for a memorable [&hellip;]<\/p>\n","protected":false},"author":1,"featured_media":0,"parent":0,"menu_order":0,"comment_status":"closed","ping_status":"closed","template":"","meta":[],"acf":[],"_links":{"self":[{"href":"https:\/\/www.camping-lebontemps.fr\/en\/wp-json\/wp\/v2\/pages\/1510"}],"collection":[{"href":"https:\/\/www.camping-lebontemps.fr\/en\/wp-json\/wp\/v2\/pages"}],"about":[{"href":"https:\/\/www.camping-lebontemps.fr\/en\/wp-json\/wp\/v2\/types\/page"}],"author":[{"embeddable":true,"href":"https:\/\/www.camping-lebontemps.fr\/en\/wp-json\/wp\/v2\/users\/1"}],"replies":[{"embeddable":true,"href":"https:\/\/www.camping-lebontemps.fr\/en\/wp-json\/wp\/v2\/comments?post=1510"}],"version-history":[{"count":6,"href":"https:\/\/www.camping-lebontemps.fr\/en\/wp-json\/wp\/v2\/pages\/1510\/revisions"}],"predecessor-version":[{"id":2137,"href":"https:\/\/www.camping-lebontemps.fr\/en\/wp-json\/wp\/v2\/pages\/1510\/revisions\/2137"}],"wp:attachment":[{"href":"https:\/\/www.camping-lebontemps.fr\/en\/wp-json\/wp\/v2\/media?parent=1510"}],"curies":[{"name":"wp","href":"https:\/\/api.w.org\/{rel}","templated":true}]}}